{"id":13438,"date":"2023-05-03T17:24:31","date_gmt":"2023-05-03T15:24:31","guid":{"rendered":"https:\/\/www.vivasalud.be\/?page_id=13438"},"modified":"2025-11-26T14:09:05","modified_gmt":"2025-11-26T14:09:05","slug":"the-impact-of-privatisation-on-healthcare","status":"publish","type":"page","link":"https:\/\/www.vivasalud.be\/en\/accueil-viva-salud\/en-action\/campagne-prenons-soin-des-soignantes\/limpact-de-la-privatisation-sur-les-soins-de-sante\/","title":{"rendered":"Privatisation: son impact sur les soins de sant\u00e9"},"content":{"rendered":"<div style=\"height:47px\" aria-hidden=\"true\" class=\"wp-block-spacer\"><\/div>\n\n\n\n<h2 class=\"wp-block-heading\">Privatisation: son impact sur les soins de sant\u00e9<\/h2>\n\n\n\n<p><strong>Les acteurs commerciaux du secteur de la sant\u00e9 ont emp\u00each\u00e9 de r\u00e9pondre de fa\u00e7on efficace \u00e0 la pand\u00e9mie du COVID-19. Pour autant, les gouvernements ont poursuivi le d\u00e9mant\u00e8lement des services de sant\u00e9 publics. Le secteur priv\u00e9 joue un r\u00f4le croissant dans les soins de sant\u00e9. Comment expliquer cela ?<\/strong><\/p>\n\n\n\n<div style=\"height:28px\" aria-hidden=\"true\" class=\"wp-block-spacer\"><\/div>\n\n\n\n<figure class=\"wp-block-table is-style-stripes\"><table><tbody><tr><td class=\"has-text-align-left\" data-align=\"left\"><strong>DE QUOI PARLE-T-ON ?<br><\/strong>Dans le domaine des soins de sant\u00e9, <strong>la privatisation et la commercialisation rev\u00eatent toutes sortes de formes et de tailles. Les soins de sant\u00e9 deviennent essentiellement commerciaux, ce qui permet de r\u00e9aliser des profits<\/strong>. La commercialisation implique une logique de march\u00e9 et des principes commerciaux qui sont alors appliqu\u00e9s aux politiques publiques de m\u00eame qu&rsquo;aux acteurs du secteur. <br><br>Dans le cadre de la privatisation, <strong>les services de sant\u00e9, la politique de sant\u00e9 et la production de produits de sant\u00e9 sont financ\u00e9s et mis en \u0153uvre par des acteurs priv\u00e9s dans un but lucratif. <\/strong>Dans ce dossier, le terme \u00ab\u00a0secteur priv\u00e9\u00a0\u00bb fait r\u00e9f\u00e9rence \u00e0 tous les types d&rsquo;acteurs priv\u00e9s \u00e0 but lucratif.<\/td><\/tr><\/tbody><\/table><\/figure>\n\n\n\n<div style=\"height:26px\" aria-hidden=\"true\" class=\"wp-block-spacer\"><\/div>\n\n\n\n<h2 class=\"wp-block-heading\"><strong>Le r\u00f4le des institutions financi\u00e8res internationales<\/strong><\/h2>\n\n\n\n<p>Au sein de la plupart des pays \u00e0 faible revenu, la Banque mondiale (BM) et le Fonds mon\u00e9taire international (FMI) sont les moteurs de la privatisation du secteur de la sant\u00e9. Au cours des ann\u00e9es 1980, ils ont impos\u00e9 des conditions d&#8217;emprunt \u00e9touffantes avec leurs tristement c\u00e9l\u00e8bres programmes d&rsquo;ajustement structurel. Dans de nombreux pays, le secteur de la sant\u00e9 public \u00e9tait au bord de l&rsquo;effondrement. Les gouvernements ont d\u00fb ouvrir leur secteur de la sant\u00e9 aux investissements \u00e9trangers et proc\u00e9der \u00e0 des coupes drastiques.<\/p>\n\n\n\n<figure class=\"wp-block-image size-full\"><a href=\"https:\/\/www.vivasalud.be\/wp-content\/uploads\/2023\/05\/CROISSANCE.png\"><img alt=\"\" fetchpriority=\"high\" decoding=\"async\" width=\"1088\" height=\"221\" src=\"https:\/\/www.vivasalud.be\/wp-content\/uploads\/2023\/05\/CROISSANCE.png\" class=\"wp-image-13902\" srcset=\"https:\/\/www.vivasalud.be\/wp-content\/uploads\/2023\/05\/CROISSANCE.png 1088w, https:\/\/www.vivasalud.be\/wp-content\/uploads\/2023\/05\/CROISSANCE-800x163.png 800w, https:\/\/www.vivasalud.be\/wp-content\/uploads\/2023\/05\/CROISSANCE-768x156.png 768w\" sizes=\"(max-width: 1088px) 100vw, 1088px\" \/><\/a><\/figure>\n\n\n\n<p>Le plafonnement des d\u00e9penses salariales dans le secteur public a eu pour effet de sous-payer et de d\u00e9motiver le personnel de sant\u00e9. Les patient\u00b7e\u00b7s ont soudain d\u00fb payer davantage pour obtenir des soins, ce qui a entra\u00een\u00e9 des d\u00e9penses de sant\u00e9 \u00e9lev\u00e9es pour les familles. La recherche montre l&rsquo;impact n\u00e9gatif des politiques de la BM et du FMI sur la sant\u00e9 publique. Pourtant, ces institutions s\u2019en tiennent \u00e0 leur feuille de route habituelle.<\/p>\n\n\n\n<figure class=\"wp-block-image aligncenter size-full is-resized\"><a href=\"https:\/\/www.vivasalud.be\/wp-content\/uploads\/2023\/05\/graphique1.png\"><img alt=\"\" decoding=\"async\" width=\"812\" height=\"368\" src=\"https:\/\/www.vivasalud.be\/wp-content\/uploads\/2023\/05\/graphique1.png\" class=\"wp-image-13905\" style=\"width:644px;height:292px\" srcset=\"https:\/\/www.vivasalud.be\/wp-content\/uploads\/2023\/05\/graphique1.png 812w, https:\/\/www.vivasalud.be\/wp-content\/uploads\/2023\/05\/graphique1-800x363.png 800w, https:\/\/www.vivasalud.be\/wp-content\/uploads\/2023\/05\/graphique1-768x348.png 768w\" sizes=\"(max-width: 812px) 100vw, 812px\" \/><\/a><\/figure>\n\n\n\n<blockquote class=\"wp-block-quote has-medium-font-size is-layout-flow wp-block-quote-is-layout-flow\" style=\"font-style:normal;font-weight:600\">\n<p style=\"text-transform:none\"><em>\u00ab\u00a0Avant la pand\u00e9mie, 57 pays souffraient d&rsquo;une grave p\u00e9nurie de personnel de sant\u00e9, selon l&rsquo;OMS. Pourtant, le FMI a conseill\u00e9 \u00e0 24 de ces 57 pays de geler ou m\u00eame de r\u00e9duire les d\u00e9penses salariales du secteur public\u00a0\u00bb<\/em><\/p>\n<cite>Jasper Thys, collaborateur politique et campagne de Viva Salud<\/cite><\/blockquote>\n\n\n\n<p><\/p>\n\n\n\n<div style=\"height:47px\" aria-hidden=\"true\" class=\"wp-block-spacer\"><\/div>\n\n\n\n<h2 class=\"wp-block-heading\"><strong><strong>Le r\u00f4le de notre syst\u00e8me \u00e9conomique<\/strong><\/strong><\/h2>\n\n\n\n<p>Notre syst\u00e8me \u00e9conomique mondial est injuste&nbsp;: des r\u00e8gles commerciales d\u00e9loyales, l&rsquo;\u00e9vasion fiscale, des conditions d&#8217;emprunt \u00e9touffantes, des remboursements de la dette sur des d\u00e9cennies et des politiques financi\u00e8res internationales d\u00e9faillantes sont autant d\u2019\u00e9l\u00e9ments qui emp\u00eachent la plupart des gouvernements d\u2019alimenter les revenus des Etats. Cela emp\u00eache les pays \u00e0 faible revenu d&rsquo;investir dans les soins de sant\u00e9 publics et dans le personnel de sant\u00e9. <\/p>\n\n\n\n<p>La <a href=\"https:\/\/debtjustice.org.uk\/press-release\/sixty-four-countries-spend-more-on-debt-payments-than-health\" target=\"_blank\" rel=\"noreferrer noopener\">campagne Jubilee Debt<\/a> a montr\u00e9 l&rsquo;ann\u00e9e derni\u00e8re que 64 pays \u00e0 faible revenu d\u00e9pensent davantage pour rembourser leurs cr\u00e9anciers \u00e9trangers que pour leurs soins de sant\u00e9. En outre, les d\u00e9penses li\u00e9es au remboursement de la dette mondiale augmentent d&rsquo;ann\u00e9e en ann\u00e9e. Elles font obstacle aux investissements n\u00e9cessaires dans les services publics. Les anciennes colonies ont \u00e9t\u00e9 prises dans un syst\u00e8me \u00e9conomique qui profite \u00e0 un petit groupe de personnes et laisse la majorit\u00e9 de la population vivre dans des conditions inhumaines.<\/p>\n\n\n\n<figure class=\"wp-block-image aligncenter size-full is-resized\"><a href=\"https:\/\/www.vivasalud.be\/wp-content\/uploads\/2023\/05\/privatisation.png\"><img alt=\"\" decoding=\"async\" width=\"845\" height=\"323\" src=\"https:\/\/www.vivasalud.be\/wp-content\/uploads\/2023\/05\/privatisation.png\" class=\"wp-image-13908\" style=\"width:655px;height:250px\" srcset=\"https:\/\/www.vivasalud.be\/wp-content\/uploads\/2023\/05\/privatisation.png 845w, https:\/\/www.vivasalud.be\/wp-content\/uploads\/2023\/05\/privatisation-800x306.png 800w, https:\/\/www.vivasalud.be\/wp-content\/uploads\/2023\/05\/privatisation-768x294.png 768w\" sizes=\"(max-width: 845px) 100vw, 845px\" \/><\/a><\/figure>\n\n\n\n<div style=\"height:26px\" aria-hidden=\"true\" class=\"wp-block-spacer\"><\/div>\n\n\n\n<h2 class=\"wp-block-heading\"><strong><strong>Le r\u00f4le de la philanthropie<\/strong><\/strong><\/h2>\n\n\n\n<p>Au cours des ann\u00e9es 1980, les institutions internationales, cr\u00e9\u00e9es apr\u00e8s la Seconde Guerre mondiale pour servir l&rsquo;int\u00e9r\u00eat public, ont commenc\u00e9 \u00e0 former des partenariats avec des philanthropes. Depuis lors, les initiatives caritatives de l&rsquo;\u00e9lite mondiale d\u00e9finissent de plus en plus l&rsquo;agenda international en mati\u00e8re de sant\u00e9. La Fondation Bill et Melinda Gates, par exemple, est le deuxi\u00e8me plus grand donateur de l&rsquo;OMS, les gouvernements y contribuant de moins en moins. Ces philanthropes d\u00e9cident eux-m\u00eames de la mani\u00e8re dont leurs dons seront utilis\u00e9s. <\/p>\n\n\n\n<p>C\u2019est ainsi que l&rsquo;OMS perd petit \u00e0 petit son ind\u00e9pendance. Les philanthropes ont souvent des int\u00e9r\u00eats indirects dans le monde de l\u2019entreprise et de l&rsquo;industrie. Ils encouragent le secteur priv\u00e9 \u00e0 jouer un r\u00f4le central dans leur travail et sont \u00e0 l&rsquo;origine des partenariats public-priv\u00e9 (PPP). Il s&rsquo;agit de contrats \u00e0 long terme par lesquels le secteur priv\u00e9 met en place et exploite des projets d&rsquo;infrastructure ou des services-cl\u00e9s traditionnellement g\u00e9r\u00e9s par les pouvoirs publics, tels que les h\u00f4pitaux, les \u00e9coles ou l&rsquo;approvisionnement en \u00e9nergie. Cela se fait trop souvent au d\u00e9triment des droits humains et d&rsquo;un v\u00e9ritable d\u00e9veloppement durable.<\/p>\n\n\n\n<h2 class=\"wp-block-heading\"><strong>Le r\u00f4le de la coop\u00e9ration au d\u00e9veloppement<\/strong><\/h2>\n\n\n\n<p><strong>Plus d&rsquo;un demi-milliard d&rsquo;euros. C&rsquo;est la somme que le gouvernement britannique aurait d\u00e9pens\u00e9e au cours de la derni\u00e8re d\u00e9cennie pour soutenir les soins de sant\u00e9 priv\u00e9s dans des dizaines de pays \u00e0 faible revenu. C&rsquo;est ce que r\u00e9v\u00e8le une \u00e9tude men\u00e9e par Global Justice Now. <\/strong>Ces r\u00e9v\u00e9lations ne sont toutefois pas une surprise. Depuis la crise financi\u00e8re de 2007-2008, les gouvernements et les institutions internationales promeuvent le secteur priv\u00e9 comme \u00e9tant la cl\u00e9 du d\u00e9veloppement durable. Mais la pratique ne permet pas toujours de montrer l&rsquo;impact positif de cette approche. <\/p>\n\n\n\n<p><strong>Le secteur priv\u00e9 utilise l&rsquo;argent public, par exemple, pour \u00e9liminer le risque li\u00e9 \u00e0 l\u2019investissement, tout en s\u2019en accaparant les b\u00e9n\u00e9fices. <\/strong>En outre, l&rsquo;argent est investi dans des secteurs stables o\u00f9 les d\u00e9fis sont moindres. La banque de d\u00e9veloppement belge \u00ab\u00a0BIO Invests\u00a0\u00bb investit, elle aussi, indirectement, par l&rsquo;interm\u00e9diaire de fonds d&rsquo;investissement et de grands gestionnaires d&rsquo;actifs internationaux, dans des acteurs priv\u00e9s du secteur de la sant\u00e9, dans les pays \u00e0 faible revenu.<\/p>\n\n\n\n<p><\/p>\n\n\n\n<div class=\"wp-block-buttons is-content-justification-center is-layout-flex wp-container-core-buttons-is-layout-a89b3969 wp-block-buttons-is-layout-flex\">\n<div class=\"wp-block-button has-custom-width wp-block-button__width-75 is-style-outline is-style-outline--1\"><a class=\"wp-block-button__link has-black-color has-white-background-color has-text-color has-background has-medium-font-size has-custom-font-size wp-element-button\" href=\"https:\/\/issuu.com\/m3m-g3w\/docs\/vivasalud_dossierdecampagne_2023_fr_print\" style=\"border-radius:48px;text-transform:uppercase\" target=\"_blank\" rel=\"noreferrer noopener\"><strong>READ THE FULL CAMPAIGN REPORT<\/strong><\/a><\/div>\n<\/div>","protected":false},"excerpt":{"rendered":"<p>We hear and read everywhere that healthcare is in crisis. <\/p>","protected":false},"author":15,"featured_media":14094,"parent":13842,"menu_order":13,"comment_status":"closed","ping_status":"closed","template":"","meta":{"_acf_changed":false,"_seopress_robots_primary_cat":"","_seopress_titles_title":"","_seopress_titles_desc":"Dans le domaine des soins de sant\u00e9, la privatisation et la commercialisation rev\u00eatent toutes sortes de formes et de tailles.","_seopress_robots_index":"","footnotes":""},"class_list":["post-13438","page","type-page","status-publish","has-post-thumbnail","hentry"],"acf":[],"_links":{"self":[{"href":"https:\/\/www.vivasalud.be\/en\/wp-json\/wp\/v2\/pages\/13438","targetHints":{"allow":["GET"]}}],"collection":[{"href":"https:\/\/www.vivasalud.be\/en\/wp-json\/wp\/v2\/pages"}],"about":[{"href":"https:\/\/www.vivasalud.be\/en\/wp-json\/wp\/v2\/types\/page"}],"author":[{"embeddable":true,"href":"https:\/\/www.vivasalud.be\/en\/wp-json\/wp\/v2\/users\/15"}],"replies":[{"embeddable":true,"href":"https:\/\/www.vivasalud.be\/en\/wp-json\/wp\/v2\/comments?post=13438"}],"version-history":[{"count":0,"href":"https:\/\/www.vivasalud.be\/en\/wp-json\/wp\/v2\/pages\/13438\/revisions"}],"up":[{"embeddable":true,"href":"https:\/\/www.vivasalud.be\/en\/wp-json\/wp\/v2\/pages\/13842"}],"wp:featuredmedia":[{"embeddable":true,"href":"https:\/\/www.vivasalud.be\/en\/wp-json\/wp\/v2\/media\/14094"}],"wp:attachment":[{"href":"https:\/\/www.vivasalud.be\/en\/wp-json\/wp\/v2\/media?parent=13438"}],"curies":[{"name":"wp","href":"https:\/\/api.w.org\/{rel}","templated":true}]}}