{"id":255,"date":"2019-08-22T09:57:33","date_gmt":"2019-08-22T09:57:33","guid":{"rendered":"https:\/\/www.vivasalud.be\/home\/"},"modified":"2025-04-09T10:45:53","modified_gmt":"2025-04-09T08:45:53","slug":"accueil","status":"publish","type":"page","link":"https:\/\/www.vivasalud.be\/nl\/accueil\/","title":{"rendered":"Ensemble, luttons pour le droit \u00e0 la sant\u00e9"},"content":{"rendered":"<hr class=\"wp-block-separator has-alpha-channel-opacity\"\/>\n\n\n\n<h2 class=\"wp-block-heading\"><strong>La sant\u00e9 : un droit fondamental<\/strong><\/h2>\n\n\n\n<p>La sant\u00e9 est une pr\u00e9occupation que nous partageons toutes et tous. <strong>C\u2019est aussi un droit fondamental. <\/strong>Malheureusement, pour la plupart des gens, ce droit fondamental est menac\u00e9 par la pauvret\u00e9, l&rsquo;in\u00e9galit\u00e9, l&rsquo;exploitation et la guerre. Les voix critiques sur cette question sont soumises \u00e0 une pression croissante. <strong>Viva Salud lutte pour le droit \u00e0 la sant\u00e9 et au d\u00e9veloppement souverain.<\/strong> \u00c0 cette fin, nous soutenons le d\u00e9veloppement de mouvements sociaux forts qui d\u00e9fendent le droit \u00e0 la sant\u00e9 aux <strong><a href=\"https:\/\/www.vivasalud.be\/fr\/qui-sommes-nous\/pays\/philippines\/\">Filipijnen<\/a>, in <a href=\"https:\/\/www.vivasalud.be\/fr\/qui-sommes-nous\/pays\/palestine\/\">Palestina<\/a>, in <a href=\"https:\/\/www.vivasalud.be\/fr\/qui-sommes-nous\/pays\/rd-congo\/\">de Democratische Republiek Congo<\/a><\/strong> et ailleurs. <\/p>\n\n\n\n<p>Nos partenaires nous rapportent r\u00e9guli\u00e8rement les coups port\u00e9s aux syst\u00e8mes de sant\u00e9 dans leur pays: <strong>privatisation, aust\u00e9rit\u00e9 budg\u00e9taire, r\u00e9pression croissante du personnel de sant\u00e9 et des militant\u00b7e\u00b7s<\/strong>. Ces probl\u00e9matiques font \u00e9galement \u00e9chos aux actualit\u00e9s belges et europ\u00e9ennes. Face \u00e0 des d\u00e9fis de plus en plus globaux, la solution passe par la solidarit\u00e9 internationale. Avec nos partenaires, mais \u00e9galement d\u2019autres organisations sociales belges, telles que les syndicats ou autre ONG du secteur, nous organisons des actions et des campagnes. <\/p>\n\n\n\n<p>Ensemble, nous nous engageons \u00e9galement dans des r\u00e9seaux internationaux tels que le <a href=\"https:\/\/phmovement.org\/\" target=\"_blank\" rel=\"noreferrer noopener\">People\u2019s Heatlh Movement<\/a>. De cette mani\u00e8re,<strong> nous mobilisons les citoyen\u00b7ne\u00b7s engag\u00e9\u00b7e\u00b7s, les mouvements sociaux et les d\u00e9cideur\u2027euse\u2027s politiques <\/strong>pour changer les politiques en faveur du droit \u00e0 la sant\u00e9 dans le monde entier.<\/p>\n\n\n\n<hr class=\"wp-block-separator has-alpha-channel-opacity\"\/>\n\n\n\n\n\n\n\n<div style=\"height:30px\" aria-hidden=\"true\" class=\"wp-block-spacer\"><\/div>","protected":false},"excerpt":{"rendered":"<p>Viva Salud lutte pour le droit \u00e0 la sant\u00e9. Nous nous basons sur nos valeurs cl\u00e9s : justice sociale, solidarit\u00e9, activisme et souverainet\u00e9.<\/p>","protected":false},"author":1,"featured_media":0,"parent":0,"menu_order":36,"comment_status":"closed","ping_status":"closed","template":"","meta":{"_acf_changed":false,"_seopress_robots_primary_cat":"","_seopress_titles_title":"","_seopress_titles_desc":"Viva Salud lutte pour le droit \u00e0 la sant\u00e9. Nous nous basons sur nos valeurs cl\u00e9s : justice sociale, solidarit\u00e9, activisme et souverainet\u00e9.","_seopress_robots_index":"","footnotes":""},"class_list":["post-255","page","type-page","status-publish","hentry"],"acf":[],"_links":{"self":[{"href":"https:\/\/www.vivasalud.be\/nl\/wp-json\/wp\/v2\/pages\/255","targetHints":{"allow":["GET"]}}],"collection":[{"href":"https:\/\/www.vivasalud.be\/nl\/wp-json\/wp\/v2\/pages"}],"about":[{"href":"https:\/\/www.vivasalud.be\/nl\/wp-json\/wp\/v2\/types\/page"}],"author":[{"embeddable":true,"href":"https:\/\/www.vivasalud.be\/nl\/wp-json\/wp\/v2\/users\/1"}],"replies":[{"embeddable":true,"href":"https:\/\/www.vivasalud.be\/nl\/wp-json\/wp\/v2\/comments?post=255"}],"version-history":[{"count":0,"href":"https:\/\/www.vivasalud.be\/nl\/wp-json\/wp\/v2\/pages\/255\/revisions"}],"wp:attachment":[{"href":"https:\/\/www.vivasalud.be\/nl\/wp-json\/wp\/v2\/media?parent=255"}],"curies":[{"name":"wp","href":"https:\/\/api.w.org\/{rel}","templated":true}]}}