{"id":8440,"date":"2021-07-16T17:58:56","date_gmt":"2021-07-16T15:58:56","guid":{"rendered":"https:\/\/www.vivasalud.be\/?page_id=8440"},"modified":"2024-07-16T17:11:19","modified_gmt":"2024-07-16T15:11:19","slug":"viva-manifiesta-2024","status":"publish","type":"page","link":"https:\/\/www.vivasalud.be\/nl\/en-action-3\/viva-manifiesta-2024\/","title":{"rendered":"Viva Salud op ManiFiesta 2024"},"content":{"rendered":"<div class=\"wp-block-cover is-layout-constrained wp-block-cover-is-layout-constrained\"><span aria-hidden=\"true\" class=\"wp-block-cover__background has-background-dim-0 has-background-dim\" style=\"background-color:#7c609b\"><\/span><img alt=\"\" fetchpriority=\"high\" decoding=\"async\" width=\"1920\" height=\"1080\" class=\"wp-block-cover__image-background wp-image-17985\" src=\"https:\/\/www.vivasalud.be\/wp-content\/uploads\/2024\/07\/FR-bannner-2.jpg\" data-object-fit=\"cover\" srcset=\"https:\/\/www.vivasalud.be\/wp-content\/uploads\/2024\/07\/FR-bannner-2.jpg 1920w, https:\/\/www.vivasalud.be\/wp-content\/uploads\/2024\/07\/FR-bannner-2-800x450.jpg 800w, https:\/\/www.vivasalud.be\/wp-content\/uploads\/2024\/07\/FR-bannner-2-768x432.jpg 768w, https:\/\/www.vivasalud.be\/wp-content\/uploads\/2024\/07\/FR-bannner-2-1536x864.jpg 1536w, https:\/\/www.vivasalud.be\/wp-content\/uploads\/2024\/07\/FR-bannner-2-400x225.jpg 400w\" sizes=\"(max-width: 1920px) 100vw, 1920px\" \/><div class=\"wp-block-cover__inner-container\"><\/div><\/div>\n\n\n\n<div style=\"height:43px\" aria-hidden=\"true\" class=\"wp-block-spacer\"><\/div>\n\n\n\n<h2 class=\"wp-block-heading\">Viva Salud op ManiFiesta 2024<\/h2>\n\n\n\n<p><strong>Viva Salud is weer van de partij op het festival\u00a0<a href=\"https:\/\/manifiesta.be\/fr\/\">ManiFiesta<\/a>\u00a0Op 7 en 8 september hebben we een stand om onze campagnes en activiteiten te laten zien en leuke spelletjes te doen! Zoals elk jaar helpt elke ingezamelde beker om het werk van onze partners in Palestina, de Filipijnen en de DR Congo te steunen. We zijn ook in de Intal-tent om te praten over de gezondheidszorg in Palestina en in het Carr\u00e9 Sant\u00e9 om mensen bewust te maken van de wereldwijde crisis in de gezondheidszorg.<\/strong>.<br><br><a href=\"https:\/\/manifiesta.eventsquare.store\/fr\/2024\/intal\"><strong>Koop hier je tickets<\/strong><\/a><\/p>\n\n\n\n<figure class=\"wp-block-gallery has-nested-images columns-default is-cropped wp-block-gallery-1 is-layout-flex wp-block-gallery-is-layout-flex\">\n<figure class=\"wp-block-image size-large\"><a href=\"https:\/\/www.vivasalud.be\/wp-content\/uploads\/2024\/07\/1cd40b11-34df-4440-8a52-638afb3cab6c-1.jpg\"><img alt=\"\" decoding=\"async\" width=\"1920\" height=\"1440\" data-id=\"17972\" src=\"https:\/\/www.vivasalud.be\/wp-content\/uploads\/2024\/07\/1cd40b11-34df-4440-8a52-638afb3cab6c-1-1920x1440.jpg\" class=\"wp-image-17972\" srcset=\"https:\/\/www.vivasalud.be\/wp-content\/uploads\/2024\/07\/1cd40b11-34df-4440-8a52-638afb3cab6c-1-1920x1440.jpg 1920w, https:\/\/www.vivasalud.be\/wp-content\/uploads\/2024\/07\/1cd40b11-34df-4440-8a52-638afb3cab6c-1-800x600.jpg 800w, https:\/\/www.vivasalud.be\/wp-content\/uploads\/2024\/07\/1cd40b11-34df-4440-8a52-638afb3cab6c-1-400x300.jpg 400w, https:\/\/www.vivasalud.be\/wp-content\/uploads\/2024\/07\/1cd40b11-34df-4440-8a52-638afb3cab6c-1-768x576.jpg 768w, https:\/\/www.vivasalud.be\/wp-content\/uploads\/2024\/07\/1cd40b11-34df-4440-8a52-638afb3cab6c-1-1536x1152.jpg 1536w, https:\/\/www.vivasalud.be\/wp-content\/uploads\/2024\/07\/1cd40b11-34df-4440-8a52-638afb3cab6c-1.jpg 2000w\" sizes=\"(max-width: 1920px) 100vw, 1920px\" \/><\/a><\/figure>\n\n\n\n<figure class=\"wp-block-image size-large\"><a href=\"https:\/\/www.vivasalud.be\/wp-content\/uploads\/2024\/07\/20230909_185310-2.jpg\"><img alt=\"\" decoding=\"async\" width=\"1920\" height=\"1440\" data-id=\"17966\" src=\"https:\/\/www.vivasalud.be\/wp-content\/uploads\/2024\/07\/20230909_185310-2.jpg\" class=\"wp-image-17966\" srcset=\"https:\/\/www.vivasalud.be\/wp-content\/uploads\/2024\/07\/20230909_185310-2.jpg 1920w, https:\/\/www.vivasalud.be\/wp-content\/uploads\/2024\/07\/20230909_185310-2-800x600.jpg 800w, https:\/\/www.vivasalud.be\/wp-content\/uploads\/2024\/07\/20230909_185310-2-400x300.jpg 400w, https:\/\/www.vivasalud.be\/wp-content\/uploads\/2024\/07\/20230909_185310-2-768x576.jpg 768w, https:\/\/www.vivasalud.be\/wp-content\/uploads\/2024\/07\/20230909_185310-2-1536x1152.jpg 1536w\" sizes=\"(max-width: 1920px) 100vw, 1920px\" \/><\/a><\/figure>\n\n\n\n<figure class=\"wp-block-image size-large\"><a href=\"https:\/\/www.vivasalud.be\/wp-content\/uploads\/2024\/07\/DSC00433.jpg\"><img alt=\"\" loading=\"lazy\" decoding=\"async\" width=\"1920\" height=\"1280\" data-id=\"17969\" src=\"https:\/\/www.vivasalud.be\/wp-content\/uploads\/2024\/07\/DSC00433.jpg\" class=\"wp-image-17969\" srcset=\"https:\/\/www.vivasalud.be\/wp-content\/uploads\/2024\/07\/DSC00433.jpg 1920w, https:\/\/www.vivasalud.be\/wp-content\/uploads\/2024\/07\/DSC00433-800x533.jpg 800w, https:\/\/www.vivasalud.be\/wp-content\/uploads\/2024\/07\/DSC00433-768x512.jpg 768w, https:\/\/www.vivasalud.be\/wp-content\/uploads\/2024\/07\/DSC00433-1536x1024.jpg 1536w\" sizes=\"(max-width: 1920px) 100vw, 1920px\" \/><\/a><\/figure>\n<\/figure>\n\n\n\n<div style=\"height:50px\" aria-hidden=\"true\" class=\"wp-block-spacer\"><\/div>\n\n\n\n<h2 class=\"wp-block-heading\">Ons programma op Manifiesta<\/h2>\n\n\n\n<div style=\"height:23px\" aria-hidden=\"true\" class=\"wp-block-spacer\"><\/div>\n\n\n\n<p class=\"has-black-color has-text-color has-link-color wp-elements-57f3d8f5759bd4b86b31c58211ef46ec\"><strong>Zaterdag 7 september<br>Debat: 14.00-15.15 uur, Mundofiesta<\/strong><br><a href=\"https:\/\/manifiesta.be\/fr\/line-up\/mutinerie-aux-quatre-coins-du-monde\"><strong>Opstand overal ter wereld<\/strong><\/a><br><em>Met Kat Berza (Raad voor Gezondheid en Ontwikkeling)<\/em>)<em>, gast Viva Salud uit de Filipijnen<\/em><a href=\"https:\/\/manifiesta.be\/fr\/line-up\/mutinerie-aux-quatre-coins-du-monde\"><br><\/a>De wereld verandert. De crisis van 2008, Covid-19, de oorlog in Oekra\u00efne en de genocide in Palestina zijn allemaal dingen die de macht van de VS in de wereld op de proef stellen. Maar deze situatie biedt ook kansen. De landen in het zuiden van de wereld zijn het beu om door het internationale systeem en de landen in het noorden onrechtvaardig behandeld te worden, en ze laten dat ook horen. Overal ter wereld strijden werknemers actief voor hun rechten en tegen de ongelijkheid die het kapitalisme met zich meebrengt. Tijdens deze bijeenkomst met gasten uit de hele wereld duiken we in de strijd in hun respectieve landen om te praten over hun strijd en hun toekomstperspectieven.<\/p>\n\n\n\n<hr class=\"wp-block-separator has-alpha-channel-opacity\"\/>\n\n\n\n<p class=\"has-black-color has-text-color has-link-color wp-elements-c3586ec889622f29ee40778c30224c3f\"><strong><strong>Zondag<\/strong> 8 september<br>Rondetafelgesprek: 13.00-15.00 uur, Debattentent<\/strong><br><a href=\"https:\/\/manifiesta.be\/fr\/line-up\/droit-a-la-sante-sous-genocide\"><strong>Recht op gezondheid tijdens genocide<br><\/strong><\/a>De gezondheidscrisis in Gaza is niet alleen een humanitaire kwestie: het is een politiek probleem dat voortkomt uit jaren van onderdrukking, bezetting en kolonialisme.\u00a0<\/p>\n\n\n\n<p>Deze rondetafelgesprek gaat over de verschillende politieke dingen die hebben geleid tot de ernstige gezondheidsproblemen in Gaza, vooral in het licht van de genocide die daar nu gaande is.\u00a0<\/p>\n\n\n\n<hr class=\"wp-block-separator has-alpha-channel-opacity\"\/>\n\n\n\n<p class=\"has-black-color has-text-color has-link-color wp-elements-b9568697256e7cfffa1387a1e52841e9\"><strong><strong>Zondag<\/strong> 8 september<br>Debat: 17.00-18.30 uur, Plaza Feminista<\/strong><br><a href=\"https:\/\/manifiesta.be\/fr\/line-up\/care-for-care-workers-des-solutions-a-la-penurie-mondiale-de-personnel-soignant\"><strong>Care for care workers: oplossingen voor het wereldwijde tekort aan zorgpersoneel<\/strong><br><\/a>Gezondheidswerkers staan in de frontlinie in de strijd voor het recht op gezondheidszorg voor iedereen. Daarom vechten ze tegen de privatisering van ziekenhuizen, het gebrek aan investeringen van overheden in stabiele lokale gezondheidszorgsystemen en soms zelfs tegen intimidatie door de staat. Viva Salud praat met zorgpersoneel en vakbondsleden over de oorzaken en algemene oplossingen voor betere arbeidsomstandigheden.<\/p>\n\n\n\n<div style=\"height:50px\" aria-hidden=\"true\" class=\"wp-block-spacer\"><\/div>\n\n\n\n<div style=\"height:22px\" aria-hidden=\"true\" class=\"wp-block-spacer\"><\/div>\n\n\n\n<div class=\"wp-block-media-text alignwide is-stacked-on-mobile is-image-fill\" style=\"grid-template-columns:35% auto\"><figure class=\"wp-block-media-text__media\" style=\"background-image:url(https:\/\/www.vivasalud.be\/wp-content\/uploads\/2024\/07\/IMG-20230909-WA0046-1920x1440.jpg);background-position:50% 50%\"><img alt=\"\" loading=\"lazy\" decoding=\"async\" width=\"1920\" height=\"1440\" src=\"https:\/\/www.vivasalud.be\/wp-content\/uploads\/2024\/07\/IMG-20230909-WA0046-1920x1440.jpg\" class=\"wp-image-17948 size-full\" srcset=\"https:\/\/www.vivasalud.be\/wp-content\/uploads\/2024\/07\/IMG-20230909-WA0046-1920x1440.jpg 1920w, https:\/\/www.vivasalud.be\/wp-content\/uploads\/2024\/07\/IMG-20230909-WA0046-800x600.jpg 800w, https:\/\/www.vivasalud.be\/wp-content\/uploads\/2024\/07\/IMG-20230909-WA0046-400x300.jpg 400w, https:\/\/www.vivasalud.be\/wp-content\/uploads\/2024\/07\/IMG-20230909-WA0046-768x576.jpg 768w, https:\/\/www.vivasalud.be\/wp-content\/uploads\/2024\/07\/IMG-20230909-WA0046-1536x1152.jpg 1536w, https:\/\/www.vivasalud.be\/wp-content\/uploads\/2024\/07\/IMG-20230909-WA0046.jpg 2000w\" sizes=\"(max-width: 1920px) 100vw, 1920px\" \/><\/figure><div class=\"wp-block-media-text__content\">\n<h2 class=\"wp-block-heading\">Help ons door vrijwilliger te worden! <\/h2>\n\n\n\n<p><strong>Tijdens het hele festival kunnen we hulp gebruiken bij <\/strong>: <\/p>\n\n\n\n<ul class=\"wp-block-list\">\n<li>de bekers op het veld verzamelen <\/li>\n\n\n\n<li>de Viva Salud-stand bemannen en onze doelen en activiteiten laten zien <\/li>\n\n\n\n<li>communicatie ondersteunen en korte interviews en videoclips maken<\/li>\n<\/ul>\n\n\n\n<blockquote class=\"wp-block-quote is-layout-flow wp-block-quote-is-layout-flow\">\n<div class=\"wp-block-buttons is-layout-flex wp-block-buttons-is-layout-flex\">\n<div class=\"wp-block-button\"><a class=\"wp-block-button__link wp-element-button\" href=\"https:\/\/www.vivasalud.be\/fr\/devenez-benevole-a-manifiesta\/\"><strong>Ik wil graag vrijwilliger worden<\/strong><\/a><\/div>\n<\/div>\n<\/blockquote>\n<\/div><\/div>\n\n\n\n<div style=\"height:40px\" aria-hidden=\"true\" class=\"wp-block-spacer\"><\/div>\n\n\n\n<ul class=\"wp-block-social-links is-layout-flex wp-block-social-links-is-layout-flex\"><li class=\"wp-social-link wp-social-link-facebook  wp-block-social-link\"><a href=\"https:\/\/www.facebook.com\/vivasaludbelgique\/\" class=\"wp-block-social-link-anchor\"><svg width=\"24\" height=\"24\" viewbox=\"0 0 24 24\" version=\"1.1\" xmlns=\"http:\/\/www.w3.org\/2000\/svg\" aria-hidden=\"true\" focusable=\"false\"><path d=\"M12 2C6.5 2 2 6.5 2 12c0 5 3.7 9.1 8.4 9.9v-7H7.9V12h2.5V9.8c0-2.5 1.5-3.9 3.8-3.9 1.1 0 2.2.2 2.2.2v2.5h-1.3c-1.2 0-1.6.8-1.6 1.6V12h2.8l-.4 2.9h-2.3v7C18.3 21.1 22 17 22 12c0-5.5-4.5-10-10-10z\"><\/path><\/svg><span class=\"wp-block-social-link-label screen-reader-text\">Facebook<\/span><\/a><\/li>\n\n<li class=\"wp-social-link wp-social-link-instagram  wp-block-social-link\"><a href=\"https:\/\/www.instagram.com\/vivasaludbelgique\/\" class=\"wp-block-social-link-anchor\"><svg width=\"24\" height=\"24\" viewbox=\"0 0 24 24\" version=\"1.1\" xmlns=\"http:\/\/www.w3.org\/2000\/svg\" aria-hidden=\"true\" focusable=\"false\"><path d=\"M12,4.622c2.403,0,2.688,0.009,3.637,0.052c0.877,0.04,1.354,0.187,1.671,0.31c0.42,0.163,0.72,0.358,1.035,0.673 c0.315,0.315,0.51,0.615,0.673,1.035c0.123,0.317,0.27,0.794,0.31,1.671c0.043,0.949,0.052,1.234,0.052,3.637 s-0.009,2.688-0.052,3.637c-0.04,0.877-0.187,1.354-0.31,1.671c-0.163,0.42-0.358,0.72-0.673,1.035 c-0.315,0.315-0.615,0.51-1.035,0.673c-0.317,0.123-0.794,0.27-1.671,0.31c-0.949,0.043-1.233,0.052-3.637,0.052 s-2.688-0.009-3.637-0.052c-0.877-0.04-1.354-0.187-1.671-0.31c-0.42-0.163-0.72-0.358-1.035-0.673 c-0.315-0.315-0.51-0.615-0.673-1.035c-0.123-0.317-0.27-0.794-0.31-1.671C4.631,14.688,4.622,14.403,4.622,12 s0.009-2.688,0.052-3.637c0.04-0.877,0.187-1.354,0.31-1.671c0.163-0.42,0.358-0.72,0.673-1.035 c0.315-0.315,0.615-0.51,1.035-0.673c0.317-0.123,0.794-0.27,1.671-0.31C9.312,4.631,9.597,4.622,12,4.622 M12,3 C9.556,3,9.249,3.01,8.289,3.054C7.331,3.098,6.677,3.25,6.105,3.472C5.513,3.702,5.011,4.01,4.511,4.511 c-0.5,0.5-0.808,1.002-1.038,1.594C3.25,6.677,3.098,7.331,3.054,8.289C3.01,9.249,3,9.556,3,12c0,2.444,0.01,2.751,0.054,3.711 c0.044,0.958,0.196,1.612,0.418,2.185c0.23,0.592,0.538,1.094,1.038,1.594c0.5,0.5,1.002,0.808,1.594,1.038 c0.572,0.222,1.227,0.375,2.185,0.418C9.249,20.99,9.556,21,12,21s2.751-0.01,3.711-0.054c0.958-0.044,1.612-0.196,2.185-0.418 c0.592-0.23,1.094-0.538,1.594-1.038c0.5-0.5,0.808-1.002,1.038-1.594c0.222-0.572,0.375-1.227,0.418-2.185 C20.99,14.751,21,14.444,21,12s-0.01-2.751-0.054-3.711c-0.044-0.958-0.196-1.612-0.418-2.185c-0.23-0.592-0.538-1.094-1.038-1.594 c-0.5-0.5-1.002-0.808-1.594-1.038c-0.572-0.222-1.227-0.375-2.185-0.418C14.751,3.01,14.444,3,12,3L12,3z M12,7.378 c-2.552,0-4.622,2.069-4.622,4.622S9.448,16.622,12,16.622s4.622-2.069,4.622-4.622S14.552,7.378,12,7.378z M12,15 c-1.657,0-3-1.343-3-3s1.343-3,3-3s3,1.343,3,3S13.657,15,12,15z M16.804,6.116c-0.596,0-1.08,0.484-1.08,1.08 s0.484,1.08,1.08,1.08c0.596,0,1.08-0.484,1.08-1.08S17.401,6.116,16.804,6.116z\"><\/path><\/svg><span class=\"wp-block-social-link-label screen-reader-text\">Instagram<\/span><\/a><\/li>\n\n<li class=\"wp-social-link wp-social-link-x  wp-block-social-link\"><a href=\"https:\/\/x.com\/vivasaludbe?lang=fr\" class=\"wp-block-social-link-anchor\"><svg width=\"24\" height=\"24\" viewbox=\"0 0 24 24\" version=\"1.1\" xmlns=\"http:\/\/www.w3.org\/2000\/svg\" aria-hidden=\"true\" focusable=\"false\"><path d=\"M13.982 10.622 20.54 3h-1.554l-5.693 6.618L8.745 3H3.5l6.876 10.007L3.5 21h1.554l6.012-6.989L15.868 21h5.245l-7.131-10.378Zm-2.128 2.474-.697-.997-5.543-7.93H8l4.474 6.4.697.996 5.815 8.318h-2.387l-4.745-6.787Z\" \/><\/svg><span class=\"wp-block-social-link-label screen-reader-text\">X<\/span><\/a><\/li>\n\n<li class=\"wp-social-link wp-social-link-mail  wp-block-social-link\"><a href=\"\" class=\"wp-block-social-link-anchor\"><svg width=\"24\" height=\"24\" viewbox=\"0 0 24 24\" version=\"1.1\" xmlns=\"http:\/\/www.w3.org\/2000\/svg\" aria-hidden=\"true\" focusable=\"false\"><path d=\"M19,5H5c-1.1,0-2,.9-2,2v10c0,1.1.9,2,2,2h14c1.1,0,2-.9,2-2V7c0-1.1-.9-2-2-2zm.5,12c0,.3-.2.5-.5.5H5c-.3,0-.5-.2-.5-.5V9.8l7.5,5.6,7.5-5.6V17zm0-9.1L12,13.6,4.5,7.9V7c0-.3.2-.5.5-.5h14c.3,0,.5.2.5.5v.9z\"><\/path><\/svg><span class=\"wp-block-social-link-label screen-reader-text\">Mail<\/span><\/a><\/li><\/ul>\n\n\n\n<p><\/p>\n\n\n\n<div style=\"height:51px\" aria-hidden=\"true\" class=\"wp-block-spacer\"><\/div>\n\n\n\n<div style=\"height:51px\" aria-hidden=\"true\" class=\"wp-block-spacer\"><\/div>","protected":false},"excerpt":{"rendered":"<p>Op 7 en 8 september 2024 is Viva Salud weer van de partij op het ManiFiesta-festival!<\/p>","protected":false},"author":15,"featured_media":18001,"parent":1786,"menu_order":3,"comment_status":"closed","ping_status":"closed","template":"","meta":{"_acf_changed":false,"_seopress_robots_primary_cat":"","_seopress_titles_title":"","_seopress_titles_desc":"ManiFiesta, le festival engag\u00e9 \u00e0 ne pas manquer\u00a0! C\u2019est \u00e0 Ostende les 7 et 8 septembre 2024 et on recherche des b\u00e9n\u00e9voles !","_seopress_robots_index":"","footnotes":""},"class_list":["post-8440","page","type-page","status-publish","has-post-thumbnail","hentry"],"acf":[],"_links":{"self":[{"href":"https:\/\/www.vivasalud.be\/nl\/wp-json\/wp\/v2\/pages\/8440","targetHints":{"allow":["GET"]}}],"collection":[{"href":"https:\/\/www.vivasalud.be\/nl\/wp-json\/wp\/v2\/pages"}],"about":[{"href":"https:\/\/www.vivasalud.be\/nl\/wp-json\/wp\/v2\/types\/page"}],"author":[{"embeddable":true,"href":"https:\/\/www.vivasalud.be\/nl\/wp-json\/wp\/v2\/users\/15"}],"replies":[{"embeddable":true,"href":"https:\/\/www.vivasalud.be\/nl\/wp-json\/wp\/v2\/comments?post=8440"}],"version-history":[{"count":0,"href":"https:\/\/www.vivasalud.be\/nl\/wp-json\/wp\/v2\/pages\/8440\/revisions"}],"up":[{"embeddable":true,"href":"https:\/\/www.vivasalud.be\/nl\/wp-json\/wp\/v2\/pages\/1786"}],"wp:featuredmedia":[{"embeddable":true,"href":"https:\/\/www.vivasalud.be\/nl\/wp-json\/wp\/v2\/media\/18001"}],"wp:attachment":[{"href":"https:\/\/www.vivasalud.be\/nl\/wp-json\/wp\/v2\/media?parent=8440"}],"curies":[{"name":"wp","href":"https:\/\/api.w.org\/{rel}","templated":true}]}}